{"id":1724,"date":"2020-07-02T08:12:45","date_gmt":"2020-07-02T08:12:45","guid":{"rendered":"https:\/\/msk-wp.memory-star-kids.com\/kurse-vor-ort\/mnemotechnik-copy\/"},"modified":"2026-03-24T17:45:22","modified_gmt":"2026-03-24T17:45:22","slug":"mental-arithmetik","status":"publish","type":"page","link":"https:\/\/www.memory-star-kids.com\/de\/kurse-vor-ort\/mental-arithmetik\/","title":{"rendered":"Mental-Arithmetik"},"content":{"rendered":"<section class=\"l-section wpb_row height_auto width_full\"><div class=\"l-section-h i-cf\"><div class=\"g-cols vc_row via_grid cols_1 laptops-cols_inherit tablets-cols_inherit mobiles-cols_1 valign_top type_default stacking_default\"><div class=\"wpb_column vc_column_container\"><div class=\"vc_column-inner\">\n\t\t\t<!-- START MA offline REVOLUTION SLIDER 6.7.38 --><p class=\"rs-p-wp-fix\"><\/p>\n\t\t\t<rs-module-wrap id=\"rev_slider_17_1_wrapper\" data-source=\"gallery\" style=\"visibility:hidden;background:transparent;padding:0;margin:0px auto;margin-top:0;margin-bottom:0;\">\n\t\t\t\t<rs-module id=\"rev_slider_17_1\" style=\"\" data-version=\"6.7.38\">\n\t\t\t\t\t<rs-slides style=\"overflow: hidden; position: absolute;\">\n\t\t\t\t\t\t<rs-slide style=\"position: absolute;\" data-key=\"rs-46\" data-title=\"Slide\" data-anim=\"adpr:false;\" data-in=\"o:0;\" data-out=\"a:false;\">\n\t\t\t\t\t\t\t<img decoding=\"async\" src=\"\/\/www.memory-star-kids.com\/wp-content\/plugins\/revslider\/sr6\/assets\/assets\/dummy.png\" alt=\"Slide\" title=\"Mental-Arithmetik\" class=\"rev-slidebg tp-rs-img rs-lazyload\" data-lazyload=\"\/\/www.memory-star-kids.com\/wp-content\/plugins\/revslider\/sr6\/assets\/assets\/transparent.png\" data-no-retina>\n<!--\n\t\t\t\t\t\t\t--><rs-layer\n\t\t\t\t\t\t\t\tid=\"slider-17-slide-46-layer-1\" \n\t\t\t\t\t\t\t\tdata-type=\"image\"\n\t\t\t\t\t\t\t\tdata-rsp_ch=\"on\"\n\t\t\t\t\t\t\t\tdata-xy=\"x:c;xo:0,-263px,0,-42px;y:m,t,t,t;yo:-3px,-4px,1px,0;\"\n\t\t\t\t\t\t\t\tdata-text=\"w:normal;s:20,10,7,4;l:0,13,9,6;\"\n\t\t\t\t\t\t\t\tdata-dim=\"w:1957px,1558px,1701px,1425px;h:412px,328px,358px,300px;\"\n\t\t\t\t\t\t\t\tdata-frame_999=\"o:0;st:w;\"\n\t\t\t\t\t\t\t\tstyle=\"z-index:10;\"\n\t\t\t\t\t\t\t><img decoding=\"async\" src=\"\/\/www.memory-star-kids.com\/wp-content\/plugins\/revslider\/sr6\/assets\/assets\/dummy.png\" alt=\"\" class=\"tp-rs-img rs-lazyload\" width=\"1900\" height=\"400\" data-lazyload=\"\/\/www.memory-star-kids.com\/wp-content\/uploads\/2020\/06\/thema-mental-arithmetik-1.jpg\" data-no-retina> \n\t\t\t\t\t\t\t<\/rs-layer><!--\n-->\t\t\t\t\t<\/rs-slide>\n\t\t\t\t\t<\/rs-slides>\n\t\t\t\t<\/rs-module>\n\t\t\t\t<script data-jetpack-boost=\"ignore\">\n\t\t\t\t\tsetREVStartSize({c: 'rev_slider_17_1',rl:[1240,1024,778,480],el:[400,350,360,300],gw:[1900,1024,778,480],gh:[400,350,360,300],type:'standard',justify:'',layout:'fullwidth',mh:\"0\"});if (window.RS_MODULES!==undefined && window.RS_MODULES.modules!==undefined && window.RS_MODULES.modules[\"revslider171\"]!==undefined) {window.RS_MODULES.modules[\"revslider171\"].once = false;window.revapi17 = undefined;if (window.RS_MODULES.checkMinimal!==undefined) window.RS_MODULES.checkMinimal()}\n\t\t\t\t<\/script>\n\t\t\t<\/rs-module-wrap>\n\t\t\t<!-- END REVOLUTION SLIDER -->\n<\/div><\/div><\/div><\/div><\/section><section class=\"l-section wpb_row height_small\"><div class=\"l-section-h i-cf\"><div class=\"g-cols vc_row via_grid cols_1 laptops-cols_inherit tablets-cols_inherit mobiles-cols_1 valign_top type_default stacking_default\"><div class=\"wpb_column vc_column_container text-msk-animated text-obelix\"><div class=\"vc_column-inner\"><div class=\"wpb_text_column\"><div class=\"wpb_wrapper\"><h1 style=\"text-align: center;\">Mental-Arithmetik<\/h1>\n<\/div><\/div><div class=\"w-separator us_custom_053637e0 has_text_color size_custom with_line width_default thick_2 style_dotted color_border align_center with_content\" style=\"height:\"><div class=\"w-separator-h\"><i class=\"fas fa-star\"><\/i><\/div><\/div><\/div><\/div><\/div><\/div><\/section><section class=\"l-section wpb_row height_auto\"><div class=\"l-section-h i-cf\"><div class=\"g-cols vc_row via_grid cols_1 laptops-cols_inherit tablets-cols_inherit mobiles-cols_1 valign_top type_default stacking_default\"><div class=\"wpb_column vc_column_container\"><div class=\"vc_column-inner\"><div class=\"wpb_text_column\"><div class=\"wpb_wrapper\"><div><\/div>\n<p style=\"text-align: center;\">Kopfrechnen und gleichzeitig Gedicht aufsagen? Es ist m\u00f6glich mit Mental-Arithmetik!<\/p>\n<\/div><\/div><\/div><\/div><\/div><\/div><\/section><section class=\"l-section wpb_row us_custom_98818afa height_auto\"><div class=\"l-section-h i-cf\"><div class=\"g-cols vc_row via_grid cols_1-2 laptops-cols_inherit tablets-cols_inherit mobiles-cols_1 valign_top type_default stacking_default\"><div class=\"wpb_column vc_column_container\"><div class=\"vc_column-inner\"><div class=\"w-image align_none\"><div class=\"w-image-h\"><img decoding=\"async\" width=\"600\" height=\"600\" src=\"https:\/\/www.memory-star-kids.com\/wp-content\/uploads\/2020\/09\/Mikroskop-2.png\" class=\"attachment-full size-full\" alt=\"\" loading=\"lazy\" srcset=\"https:\/\/www.memory-star-kids.com\/wp-content\/uploads\/2020\/09\/Mikroskop-2.png 600w, https:\/\/www.memory-star-kids.com\/wp-content\/uploads\/2020\/09\/Mikroskop-2-300x300.png 300w, https:\/\/www.memory-star-kids.com\/wp-content\/uploads\/2020\/09\/Mikroskop-2-150x150.png 150w, https:\/\/www.memory-star-kids.com\/wp-content\/uploads\/2020\/09\/Mikroskop-2-500x500.png 500w\" sizes=\"auto, (max-width: 600px) 100vw, 600px\" \/><\/div><\/div><\/div><\/div><div class=\"wpb_column vc_column_container icons_circle\"><div class=\"vc_column-inner\"><div class=\"wpb_text_column us_custom_8e9f4c45 has_text_color\"><div class=\"wpb_wrapper\"><h2 class=\"text-msk-4 mt-3\" style=\"text-align: left;\">Kurs vor Ort<\/h2>\n<\/div><\/div><div class=\"w-iconbox us_custom_59937ebd iconpos_left style_circle color_custom align_left no_title\"><div class=\"w-iconbox-icon\" style=\"font-size:1.5rem;--icon-color:#ffffff;--icon-bg-color:#ff7321;\"><i class=\"fas fa-child\"><\/i><\/div><div class=\"w-iconbox-meta\"><div class=\"w-iconbox-text\"><p>Der Unterricht findet einmal pro Woche f\u00fcr 1,5 Stunden statt, in kleinen Gruppen mit bis zu 8 Kindern<\/p>\n<\/div><\/div><\/div><div class=\"w-iconbox us_custom_a833bf3c iconpos_left style_circle color_custom align_left no_title\"><div class=\"w-iconbox-icon\" style=\"font-size:1.5rem;--icon-color:#ffffff;--icon-bg-color:#ff7321;\"><i class=\"fas fa-clock\"><\/i><\/div><div class=\"w-iconbox-meta\"><div class=\"w-iconbox-text\"><p style=\"text-align: left;\">Der Mental-Arithmetik Kurs ist f\u00fcr Kinder im Alter von 6 bis 15 Jahren m\u00f6glich.<\/p>\n<\/div><\/div><\/div><div class=\"w-iconbox us_custom_a833bf3c iconpos_left style_circle color_custom align_left no_title\"><div class=\"w-iconbox-icon\" style=\"font-size:1.5rem;--icon-color:#ffffff;--icon-bg-color:#ff7321;\"><i class=\"fas fa-calendar-alt\"><\/i><\/div><div class=\"w-iconbox-meta\"><div class=\"w-iconbox-text\"><p style=\"text-align: left;\">Im Kurs finden insgesamt 64 Unterrichtseinheiten statt<\/p>\n<\/div><\/div><\/div><div class=\"w-iconbox iconpos_left style_circle color_custom align_left no_title\"><div class=\"w-iconbox-icon\" style=\"font-size:1.5rem;--icon-color:#ffffff;--icon-bg-color:#ff7321;\"><i class=\"fas fa-users\"><\/i><\/div><div class=\"w-iconbox-meta\"><div class=\"w-iconbox-text\"><p style=\"text-align: left;\">Neue Gruppen werden je nach Bedarf gebildet. Einem bereits laufenden Kurs beizutreten, ist nicht m\u00f6glich.<\/p>\n<\/div><\/div><\/div><\/div><\/div><\/div><\/div><\/section><section class=\"l-section wpb_row us_custom_f8bda294 height_small\"><div class=\"l-section-h i-cf\"><div class=\"g-cols vc_row via_grid cols_3 laptops-cols_inherit tablets-cols_inherit mobiles-cols_1 valign_top type_default stacking_default\"><div class=\"wpb_column vc_column_container us_custom_6df4bc3a has_text_color\"><div class=\"vc_column-inner\"><div class=\"wpb_text_column\"><div class=\"wpb_wrapper\"><h4 style=\"text-align: center; font-size: 2.4rem;\"><span style=\"color: #ffffff;\">65%<\/span><\/h4>\n<\/div><\/div><div class=\"wpb_text_column\"><div class=\"wpb_wrapper\"><h5 style=\"text-align: center;\"><span style=\"color: #ffffff;\">der deutschen Sch\u00fcler haben Probleme mit Mathe.<br \/>\nFast alle Kinder beginnen mit Schwierigkeiten im Rechnen<\/span><\/h5>\n<\/div><\/div><\/div><\/div><div class=\"wpb_column vc_column_container\"><div class=\"vc_column-inner\"><div class=\"wpb_text_column\"><div class=\"wpb_wrapper\"><h4 style=\"text-align: center; font-size: 2.4rem;\"><span style=\"color: #ffffff;\">75%<\/span><\/h4>\n<\/div><\/div><div class=\"wpb_text_column\"><div class=\"wpb_wrapper\"><h5 style=\"text-align: center;\"><span style=\"color: #ffffff;\">der Kinder haben Schwierigkeiten, sich zu konzentrieren, was sich auf alle F\u00e4cher und ihre schulische Leistung\u00a0auswirken\u00a0kann<\/span><\/h5>\n<\/div><\/div><\/div><\/div><div class=\"wpb_column vc_column_container\"><div class=\"vc_column-inner\"><div class=\"wpb_text_column\"><div class=\"wpb_wrapper\"><h4 style=\"text-align: center; font-size: 2.4rem;\"><span style=\"color: #ffffff;\">85%<\/span><\/h4>\n<\/div><\/div><div class=\"wpb_text_column\"><div class=\"wpb_wrapper\"><h5 style=\"text-align: center;\"><span style=\"color: #ffffff;\">der Kinder haben kein Selbstvertrauen.<br \/>\nDies kann sich negativ auf ihre Leistungsf\u00e4higkeit auswirken<\/span><\/h5>\n<\/div><\/div><\/div><\/div><\/div><\/div><\/section><section class=\"l-section wpb_row us_custom_45547ea6 height_small\"><div class=\"l-section-h i-cf\"><div class=\"g-cols vc_row via_grid cols_1 laptops-cols_inherit tablets-cols_inherit mobiles-cols_1 valign_top type_default stacking_default\"><div class=\"wpb_column vc_column_container\"><div class=\"vc_column-inner\"><div class=\"wpb_text_column us_custom_6d1bed51 has_text_color\"><div class=\"wpb_wrapper\"><h2 class=\"text-msk-4 mt-3\" style=\"text-align: left;\">Kurs-Details<\/h2>\n<\/div><\/div><div class=\"g-cols wpb_row via_grid cols_2-1 laptops-cols_inherit tablets-cols_inherit mobiles-cols_1 valign_top type_default stacking_default\" style=\"--columns-gap:3rem;\"><div class=\"wpb_column vc_column_container\"><div class=\"vc_column-inner\"><div class=\"wpb_text_column\"><div class=\"wpb_wrapper\"><p><b>Kurs I &#8211; Basic \/\/ Addieren und Substrahieren ein- und zweistellige Zahlen<\/b><\/p>\n<p>Die Dauer des Kurses betr\u00e4gt 64 Unterrichten. Der Kurs besteht aus 3 Stufen. Am Ende jeder Stufe findet ein offener Unterricht f\u00fcr die Eltern statt, bei dem das Kind eine Medaille, ein Zertifikat und ein Geschenk erh\u00e4lt.<\/p>\n<p><b>Kurs II &#8211; Prim\u00e4r \/\/ Addieren und Subtrahieren dreistellige Zahlen<\/b><\/p>\n<p>Die Dauer des Kurses betr\u00e4gt 16 Unterrichtseinheiten. Am Ende des Kurses erh\u00e4lt das Kind eine Medaille, ein Zertifikat und ein Geschenk.<\/p>\n<p><b>Kurs II &#8211;<\/b><b> Fortgeschritten \/\/ Multiplizieren und Dividieren<\/b><\/p>\n<p>Die Kurs dauer betr\u00e4gt 12 Monate und besteht aus zwei Stufen. Am Ende jeder Stufe erh\u00e4lt das Kind ein Zertifikat und Medaille und ein Geschenk.<\/p>\n<\/div><\/div><\/div><\/div><div class=\"wpb_column vc_column_container\"><div class=\"vc_column-inner\"><div class=\"w-image align_none\"><div class=\"w-image-h\"><img decoding=\"async\" width=\"600\" height=\"600\" src=\"https:\/\/www.memory-star-kids.com\/wp-content\/uploads\/2020\/07\/abakus-details-3.png\" class=\"attachment-large size-large\" alt=\"\" loading=\"lazy\" srcset=\"https:\/\/www.memory-star-kids.com\/wp-content\/uploads\/2020\/07\/abakus-details-3.png 600w, https:\/\/www.memory-star-kids.com\/wp-content\/uploads\/2020\/07\/abakus-details-3-300x300.png 300w, https:\/\/www.memory-star-kids.com\/wp-content\/uploads\/2020\/07\/abakus-details-3-150x150.png 150w\" sizes=\"auto, (max-width: 600px) 100vw, 600px\" \/><\/div><\/div><\/div><\/div><\/div><\/div><\/div><\/div><\/div><\/section><section class=\"l-section wpb_row height_small\"><div class=\"l-section-h i-cf\"><div class=\"g-cols vc_row via_grid cols_1 laptops-cols_inherit tablets-cols_inherit mobiles-cols_1 valign_top type_default stacking_default\"><div class=\"wpb_column vc_column_container\"><div class=\"vc_column-inner\"><div class=\"wpb_text_column us_custom_8e9f4c45 has_text_color\"><div class=\"wpb_wrapper\"><h2 class=\"text-msk-4 mt-3\" style=\"text-align: center;\">Was kann das Kind nach Abschluss des Kurses?<\/h2>\n<\/div><\/div><\/div><\/div><\/div><\/div><\/section><section class=\"l-section wpb_row us_custom_4f24afa8 height_auto\"><div class=\"l-section-h i-cf\"><div class=\"g-cols vc_row via_grid cols_3 laptops-cols_inherit tablets-cols_inherit mobiles-cols_1 valign_top type_default stacking_default\"><div class=\"wpb_column vc_column_container us_custom_49ff06ee\"><div class=\"vc_column-inner\"><div class=\"g-cols wpb_row via_grid cols_1 laptops-cols_inherit tablets-cols_inherit mobiles-cols_1 valign_top type_default stacking_default\" style=\"--columns-gap:3rem;\"><div class=\"wpb_column vc_column_container us_custom_fb1528c0\"><div class=\"vc_column-inner\"><div class=\"wpb_text_column us_custom_10987027\"><div class=\"wpb_wrapper\"><h3 style=\"color: #78acf5; text-align: center; text-transform: uppercase; font-size: 1.7rem;\">Basic<\/h3>\n<\/div><\/div><div class=\"wpb_text_column\"><div class=\"wpb_wrapper\"><h4 style=\"text-align: center;\">64 Unterrichtseinheiten<\/h4>\n<\/div><\/div><div class=\"w-separator us_custom_6cf10ada has_text_color size_small with_line width_default thick_1 style_solid color_border align_center with_content\"><div class=\"w-separator-h\"><i class=\"fas fa-star\"><\/i><\/div><\/div><div class=\"wpb_text_column us_custom_10987027\"><div class=\"wpb_wrapper\"><p style=\"text-align: center;\">Am Ende des Kurses wird das Kind die F\u00e4higkeit besitzen, zweistellige Zahlen mental zu rechnen und gleichzeitig Gedicht aufzusagen.<\/p>\n<\/div><\/div><\/div><\/div><\/div><\/div><\/div><div class=\"wpb_column vc_column_container us_custom_5247f38c\"><div class=\"vc_column-inner\"><div class=\"g-cols wpb_row via_grid cols_1 laptops-cols_inherit tablets-cols_inherit mobiles-cols_1 valign_top type_default stacking_default\" style=\"--columns-gap:3rem;\"><div class=\"wpb_column vc_column_container us_custom_fb1528c0 msk-title\"><div class=\"vc_column-inner\"><div class=\"wpb_text_column us_custom_10987027\"><div class=\"wpb_wrapper\"><h3 style=\"color: #a9d158; text-align: center; text-transform: uppercase; font-size: 1.7rem;\">Prim\u00e4r<\/h3>\n<\/div><\/div><div class=\"wpb_text_column\"><div class=\"wpb_wrapper\"><h4 style=\"text-align: center;\">16 Unterrichtseinheiten<\/h4>\n<\/div><\/div><div class=\"w-separator us_custom_6d1bed51 has_text_color size_small with_line width_default thick_1 style_solid color_border align_center with_content\"><div class=\"w-separator-h\"><i class=\"fas fa-star\"><\/i><\/div><\/div><div class=\"wpb_text_column us_custom_10987027\"><div class=\"wpb_wrapper\"><p style=\"text-align: center;\">Am Ende des Kurses kann ein Kind mit dreistelligen Zahlen umgehen und diese durch Visualisierung im Kopf addieren und subtrahieren. Die Schnelligkeit der Berechnung von zweistelligen Zahlen wird deutlich verbessert.<\/p>\n<\/div><\/div><\/div><\/div><\/div><\/div><\/div><div class=\"wpb_column vc_column_container us_custom_d85e1176\"><div class=\"vc_column-inner\"><div class=\"g-cols wpb_row via_grid cols_1 laptops-cols_inherit tablets-cols_inherit mobiles-cols_1 valign_top type_default stacking_default\" style=\"--columns-gap:3rem;\"><div class=\"wpb_column vc_column_container us_custom_fb1528c0\"><div class=\"vc_column-inner\"><div class=\"wpb_text_column us_custom_10987027\"><div class=\"wpb_wrapper\"><h3 style=\"color: #9778c2; text-align: center; text-transform: uppercase; font-size: 1.7rem;\">Fortgeschritten<\/h3>\n<\/div><\/div><div class=\"wpb_text_column\"><div class=\"wpb_wrapper\"><h4 style=\"text-align: center;\">52 Unterrichtseinheiten<\/h4>\n<\/div><\/div><div class=\"w-separator us_custom_31d794ca has_text_color size_small with_line width_default thick_1 style_solid color_border align_center with_content\"><div class=\"w-separator-h\"><i class=\"fas fa-star\"><\/i><\/div><\/div><div class=\"wpb_text_column us_custom_10987027\"><div class=\"wpb_wrapper\"><p style=\"text-align: center;\">Mit Abschluss des Programms wird das Kind in der Lage sein, dreistellige Zahlen zu addieren und subtrahieren. Und Zweistellige Zahlen zu multiplizieren und dividieren.<\/p>\n<\/div><\/div><\/div><\/div><\/div><\/div><\/div><\/div><\/div><\/section><section class=\"l-section wpb_row us_custom_0d1488f9 height_small\"><div class=\"l-section-h i-cf\"><div class=\"g-cols vc_row via_grid cols_1 laptops-cols_inherit tablets-cols_inherit mobiles-cols_1 valign_top type_default stacking_default\"><div class=\"wpb_column vc_column_container us_custom_2f58e7cb has_text_color\"><div class=\"vc_column-inner\"><div class=\"wpb_text_column\"><div class=\"wpb_wrapper\"><h4 style=\"text-align: center;\"><span style=\"color: #ffffff;\">Mit der Investition in die Entwicklung Ihres Kindes investieren Sie in seine Zukunft!<\/span><\/h4>\n<\/div><\/div><\/div><\/div><\/div><\/div><\/section><section class=\"l-section wpb_row height_auto\"><div class=\"l-section-h i-cf\"><div class=\"g-cols vc_row via_grid cols_1 laptops-cols_inherit tablets-cols_inherit mobiles-cols_1 valign_top type_default stacking_default\"><div class=\"wpb_column vc_column_container\"><div class=\"vc_column-inner\"><div class=\"wpb_column vc_column_container\"><div class=\"vc_column-inner\"><\/div><\/div><section class=\"l-section wpb_row height_small width_full\"><div class=\"l-section-h i-cf\"><div class=\"g-cols vc_row via_grid cols_1 laptops-cols_inherit tablets-cols_inherit mobiles-cols_1 valign_top type_default stacking_default\"><div class=\"wpb_column vc_column_container\"><div class=\"vc_column-inner\"><div class=\"wpb_text_column us_custom_a84454d2 has_text_color\"><div class=\"wpb_wrapper\"><h2 class=\"text-msk-4 mt-3\" style=\"text-align: center;\">Kurs-Preise<\/h2>\n<\/div><\/div><\/div><\/div><\/div><\/div><\/section><section class=\"l-section wpb_row us_custom_91e11ea4 height_auto\"><div class=\"l-section-h i-cf\"><div class=\"g-cols vc_row via_grid cols_3 laptops-cols_inherit tablets-cols_inherit mobiles-cols_1 valign_top type_default stacking_default\"><div class=\"wpb_column vc_column_container us_custom_06a1e2cb has_bg_color\"><div class=\"vc_column-inner\"><div class=\"g-cols wpb_row via_grid cols_1 laptops-cols_inherit tablets-cols_inherit mobiles-cols_1 valign_top type_default stacking_default\" style=\"--columns-gap:3rem;\"><div class=\"wpb_column vc_column_container\"><div class=\"vc_column-inner\"><div class=\"w-message us_custom_2e4c78b7 has_text_color color_blue\"><div class=\"w-message-body\"><p>Offline in der Gruppe<\/p>\n<\/div><\/div><div class=\"wpb_text_column us_custom_ff651c12 has_text_color\"><div class=\"wpb_wrapper\"><h4 style=\"text-align: center;\">Bei einem monatlichen Vertragsabschluss<\/h4>\n<\/div><\/div><div class=\"wpb_text_column us_custom_11a1e4ed has_text_color\"><div class=\"wpb_wrapper\"><p style=\"text-align: center;\">30,-\u20ac pro Unterricht<\/p>\n<\/div><\/div><div class=\"wpb_text_column\"><div class=\"wpb_wrapper\"><p style=\"text-align: center;\">Der Unterricht findet einmal pro Woche statt.<br \/>\nUnterrichtsdauer: 1,5 Stunden.<\/p>\n<p style=\"text-align: center;\"><em>Die Zahlung erfolgt monatlich.<\/em><\/p>\n<hr \/>\n<p style=\"text-align: center;\">Zus\u00e4tzlich kommen Kosten f\u00fcr Medaillen, Urkunden und Geschenke dazu.<br \/>\n(+100,-\u20ac pro Kurs)<\/p>\n<\/div><\/div><\/div><\/div><\/div><\/div><\/div><div class=\"wpb_column vc_column_container us_custom_074b0540 has_bg_color\"><div class=\"vc_column-inner\"><div class=\"g-cols wpb_row via_grid cols_1 laptops-cols_inherit tablets-cols_inherit mobiles-cols_1 valign_top type_default stacking_default\" style=\"--columns-gap:3rem;\"><div class=\"wpb_column vc_column_container\"><div class=\"vc_column-inner\"><div class=\"w-message us_custom_5dad8b30 has_text_color color_blue\"><div class=\"w-message-body\"><p>Offline in der Gruppe<\/p>\n<\/div><\/div><div class=\"wpb_text_column us_custom_cffeb906 has_text_color\"><div class=\"wpb_wrapper\"><h4 style=\"text-align: center;\">Bei einem Vertragsabschluss des kompletten Kurses<\/h4>\n<\/div><\/div><div class=\"wpb_text_column us_custom_11a1e4ed has_text_color\"><div class=\"wpb_wrapper\"><p style=\"text-align: center;\">25,-\u20ac pro Unterricht<\/p>\n<\/div><\/div><div class=\"wpb_text_column\"><div class=\"wpb_wrapper\"><p style=\"text-align: center;\">Der Unterricht findet einmal pro Woche statt.<br \/>\nUnterrichtsdauer: 1,5 Stunden<\/p>\n<p style=\"text-align: center;\"><em>Die Zahlung erfolgt monatlich bis zum 03. des angefangenen Monats.<\/em><\/p>\n<hr \/>\n<p style=\"text-align: center;\">Zus\u00e4tzlich kommen Kosten f\u00fcr Medaillen, Urkunden und Geschenke dazu.<br \/>\n(+100,-\u20ac pro Kurs)<\/p>\n<\/div><\/div><\/div><\/div><\/div><\/div><\/div><div class=\"wpb_column vc_column_container us_custom_e4cfa454 has_bg_color\"><div class=\"vc_column-inner\"><div class=\"g-cols wpb_row via_grid cols_1 laptops-cols_inherit tablets-cols_inherit mobiles-cols_1 valign_top type_default stacking_default\" style=\"--columns-gap:3rem;\"><div class=\"wpb_column vc_column_container\"><div class=\"vc_column-inner\"><div class=\"w-message us_custom_03ca0b89 has_text_color color_blue\"><div class=\"w-message-body\"><p>Individuell<\/p>\n<\/div><\/div><div class=\"wpb_text_column us_custom_46870222 has_text_color\"><div class=\"wpb_wrapper\"><h4 style=\"text-align: center;\">Bei monatlichem Vertragsabschluss<\/h4>\n<\/div><\/div><div class=\"wpb_text_column us_custom_6eaf9ae1 has_text_color\"><div class=\"wpb_wrapper\"><p style=\"text-align: center;\">50,- \u20ac pro Unterricht<\/p>\n<\/div><\/div><div class=\"wpb_text_column\"><div class=\"wpb_wrapper\"><p style=\"text-align: center;\">Max. Drei Kinder<\/p>\n<p style=\"text-align: center;\">Der Unterricht findet einmal pro Woche statt.<br \/>\nUnterrichtsdauer: 1 \u2013 1,5 Stunden<\/p>\n<p style=\"text-align: center;\"><em>Die Zahlung erfolgt monatlich bis zum 03. des angefangenen Monats.<\/em><\/p>\n<hr \/>\n<p style=\"text-align: center;\">Zus\u00e4tzlich kommen Kosten f\u00fcr Medaillen, Urkunden und Geschenke dazu.<br \/>\n(+100,-\u20ac pro Kurs)<\/p>\n<\/div><\/div><\/div><\/div><\/div><\/div><\/div><\/div><\/div><\/section><section class=\"l-section wpb_row us_custom_91e11ea4 height_auto\"><div class=\"l-section-h i-cf\"><div class=\"g-cols vc_row via_grid cols_1 laptops-cols_inherit tablets-cols_inherit mobiles-cols_1 valign_top type_default stacking_default\"><div class=\"wpb_column vc_column_container\"><div class=\"vc_column-inner\"><div class=\"w-btn-wrapper align_center\"><a class=\"w-btn us-btn-style_1 us_custom_8101c6ad icon_atleft\" title=\"Anmelden\" href=\"https:\/\/www.memory-star-kids.com\/de\/kurse-vor-ort\/unverbindlich-anmelden\"><i class=\"fas fa-angle-double-right\"><\/i><span class=\"w-btn-label\">Anmelden zum Probeunterricht<\/span><\/a><\/div><\/div><\/div><\/div><\/div><\/section>\n<\/div><\/div><\/div><\/div><\/section><section class=\"l-section wpb_row us_custom_6963ae35 height_small\"><div class=\"l-section-h i-cf\"><div class=\"g-cols vc_row via_grid cols_1 laptops-cols_inherit tablets-cols_inherit mobiles-cols_1 valign_top type_default stacking_default\"><div class=\"wpb_column vc_column_container\"><div class=\"vc_column-inner\"><div class=\"g-cols wpb_row via_grid cols_3 laptops-cols_inherit tablets-cols_inherit mobiles-cols_1 valign_top type_default stacking_default\" style=\"--columns-gap:3rem;\"><div class=\"wpb_column vc_column_container\"><div class=\"vc_column-inner\"><div class=\"w-image us_custom_83bcd330 align_none\"><div class=\"w-image-h\"><img decoding=\"async\" width=\"500\" height=\"380\" src=\"https:\/\/www.memory-star-kids.com\/wp-content\/uploads\/2020\/07\/Mnemotechnik-Unterricht-01-2.jpg\" class=\"attachment-large size-large\" alt=\"\" loading=\"lazy\" srcset=\"https:\/\/www.memory-star-kids.com\/wp-content\/uploads\/2020\/07\/Mnemotechnik-Unterricht-01-2.jpg 500w, https:\/\/www.memory-star-kids.com\/wp-content\/uploads\/2020\/07\/Mnemotechnik-Unterricht-01-2-300x228.jpg 300w\" sizes=\"auto, (max-width: 500px) 100vw, 500px\" \/><\/div><\/div><\/div><\/div><div class=\"wpb_column vc_column_container\"><div class=\"vc_column-inner\"><div class=\"wpb_text_column us_custom_8ea971cc has_text_color\"><div class=\"wpb_wrapper\"><h2 class=\"text-msk-1 text-uppercase mb-3\" style=\"text-align: center;\">Galerie<\/h2>\n<\/div><\/div><div class=\"wpb_text_column\"><div class=\"wpb_wrapper\"><p style=\"text-align: center;\">In unserer Galeriefinden Sie mehr Fotos und Videos aus dem Mnemotechnik-Unterricht.<\/p>\n<\/div><\/div><div class=\"w-btn-wrapper align_center\"><a class=\"w-btn us-btn-style_1 us_custom_2ab9d7ea\" title=\"Galerie\" href=\"https:\/\/www.memory-star-kids.com\/de\/kurse-vor-ort\/galerie\/\"><span class=\"w-btn-label\">Zur Galerie<\/span><\/a><\/div><\/div><\/div><div class=\"wpb_column vc_column_container\"><div class=\"vc_column-inner\"><div class=\"w-image us_custom_83bcd330 align_none\"><div class=\"w-image-h\"><img decoding=\"async\" width=\"500\" height=\"380\" src=\"https:\/\/www.memory-star-kids.com\/wp-content\/uploads\/2020\/06\/Mnemotechnik-Unterricht-02.jpg\" class=\"attachment-large size-large\" alt=\"\" loading=\"lazy\" srcset=\"https:\/\/www.memory-star-kids.com\/wp-content\/uploads\/2020\/06\/Mnemotechnik-Unterricht-02.jpg 500w, https:\/\/www.memory-star-kids.com\/wp-content\/uploads\/2020\/06\/Mnemotechnik-Unterricht-02-300x228.jpg 300w\" sizes=\"auto, (max-width: 500px) 100vw, 500px\" \/><\/div><\/div><\/div><\/div><\/div><\/div><\/div><\/div><\/div><\/section>\n","protected":false},"excerpt":{"rendered":"Mental-Arithmetik Kopfrechnen und gleichzeitig Gedicht aufsagen? Es ist m\u00f6glich mit Mental-Arithmetik! Kurs vor Ort Der Unterricht findet einmal pro Woche f\u00fcr 1,5 Stunden statt, in kleinen Gruppen mit bis zu 8 Kindern Der Mental-Arithmetik Kurs ist f\u00fcr Kinder im Alter von 6 bis 15 Jahren m\u00f6glich. Im Kurs finden insgesamt 64 Unterrichtseinheiten statt Neue Gruppen...","protected":false},"author":1,"featured_media":0,"parent":110,"menu_order":7,"comment_status":"closed","ping_status":"closed","template":"","meta":{"_acf_changed":false,"_monsterinsights_skip_tracking":false,"_monsterinsights_sitenote_active":false,"_monsterinsights_sitenote_note":"","_monsterinsights_sitenote_category":0,"_uf_show_specific_survey":0,"_uf_disable_surveys":false,"footnotes":""},"class_list":["post-1724","page","type-page","status-publish","hentry"],"acf":[],"aioseo_notices":[],"yoast_head":"<!-- This site is optimized with the Yoast SEO plugin v26.4 - https:\/\/yoast.com\/wordpress\/plugins\/seo\/ -->\n<title>Mental-Arithmetik - Memory Star Kids<\/title>\n<meta name=\"description\" content=\"Mental-Arithmetik-Schule f\u00fcr Kinder in Berlin Mitte, Berlin Lichterfelde-Ost und Potsdam lernen.\" \/>\n<meta name=\"robots\" content=\"index, follow, max-snippet:-1, max-image-preview:large, max-video-preview:-1\" \/>\n<link rel=\"canonical\" href=\"https:\/\/www.memory-star-kids.com\/de\/kurse-vor-ort\/mental-arithmetik\/\" \/>\n<meta property=\"og:locale\" content=\"de_DE\" \/>\n<meta property=\"og:type\" content=\"article\" \/>\n<meta property=\"og:title\" content=\"Mental-Arithmetik - Memory Star Kids\" \/>\n<meta property=\"og:description\" content=\"Mental-Arithmetik-Schule f\u00fcr Kinder in Berlin Mitte, Berlin Lichterfelde-Ost und Potsdam lernen.\" \/>\n<meta property=\"og:url\" content=\"https:\/\/www.memory-star-kids.com\/de\/kurse-vor-ort\/mental-arithmetik\/\" \/>\n<meta property=\"og:site_name\" content=\"Memory Star Kids\" \/>\n<meta property=\"article:publisher\" content=\"https:\/\/www.facebook.com\/memorystarkidsru\/\" \/>\n<meta property=\"article:modified_time\" content=\"2026-03-24T17:45:22+00:00\" \/>\n<meta name=\"twitter:card\" content=\"summary_large_image\" \/>\n<meta name=\"twitter:label1\" content=\"Gesch\u00e4tzte Lesezeit\" \/>\n\t<meta name=\"twitter:data1\" content=\"3\u00a0Minuten\" \/>\n<script type=\"application\/ld+json\" class=\"yoast-schema-graph\">{\"@context\":\"https:\/\/schema.org\",\"@graph\":[{\"@type\":\"WebPage\",\"@id\":\"https:\/\/www.memory-star-kids.com\/de\/kurse-vor-ort\/mental-arithmetik\/\",\"url\":\"https:\/\/www.memory-star-kids.com\/de\/kurse-vor-ort\/mental-arithmetik\/\",\"name\":\"Mental-Arithmetik - Memory Star Kids\",\"isPartOf\":{\"@id\":\"https:\/\/www.memory-star-kids.com\/de\/#website\"},\"datePublished\":\"2020-07-02T08:12:45+00:00\",\"dateModified\":\"2026-03-24T17:45:22+00:00\",\"description\":\"Mental-Arithmetik-Schule f\u00fcr Kinder in Berlin Mitte, Berlin Lichterfelde-Ost und Potsdam lernen.\",\"breadcrumb\":{\"@id\":\"https:\/\/www.memory-star-kids.com\/de\/kurse-vor-ort\/mental-arithmetik\/#breadcrumb\"},\"inLanguage\":\"de\",\"potentialAction\":[{\"@type\":\"ReadAction\",\"target\":[\"https:\/\/www.memory-star-kids.com\/de\/kurse-vor-ort\/mental-arithmetik\/\"]}]},{\"@type\":\"BreadcrumbList\",\"@id\":\"https:\/\/www.memory-star-kids.com\/de\/kurse-vor-ort\/mental-arithmetik\/#breadcrumb\",\"itemListElement\":[{\"@type\":\"ListItem\",\"position\":1,\"name\":\"Startseite\",\"item\":\"https:\/\/www.memory-star-kids.com\/de\/\"},{\"@type\":\"ListItem\",\"position\":2,\"name\":\"Kurse vor Ort &#8211; \u00dcbersicht\",\"item\":\"https:\/\/www.memory-star-kids.com\/de\/kurse-vor-ort\/\"},{\"@type\":\"ListItem\",\"position\":3,\"name\":\"Mental-Arithmetik\"}]},{\"@type\":\"WebSite\",\"@id\":\"https:\/\/www.memory-star-kids.com\/de\/#website\",\"url\":\"https:\/\/www.memory-star-kids.com\/de\/\",\"name\":\"Memory Star Kids\",\"description\":\"\",\"publisher\":{\"@id\":\"https:\/\/www.memory-star-kids.com\/de\/#organization\"},\"potentialAction\":[{\"@type\":\"SearchAction\",\"target\":{\"@type\":\"EntryPoint\",\"urlTemplate\":\"https:\/\/www.memory-star-kids.com\/de\/?s={search_term_string}\"},\"query-input\":{\"@type\":\"PropertyValueSpecification\",\"valueRequired\":true,\"valueName\":\"search_term_string\"}}],\"inLanguage\":\"de\"},{\"@type\":\"Organization\",\"@id\":\"https:\/\/www.memory-star-kids.com\/de\/#organization\",\"name\":\"MEMORY STAR KIDS\",\"url\":\"https:\/\/www.memory-star-kids.com\/de\/\",\"logo\":{\"@type\":\"ImageObject\",\"inLanguage\":\"de\",\"@id\":\"https:\/\/www.memory-star-kids.com\/de\/#\/schema\/logo\/image\/\",\"url\":\"https:\/\/www.memory-star-kids.com\/wp-content\/uploads\/2020\/06\/msk_WEB-logo-24.png\",\"contentUrl\":\"https:\/\/www.memory-star-kids.com\/wp-content\/uploads\/2020\/06\/msk_WEB-logo-24.png\",\"width\":300,\"height\":131,\"caption\":\"MEMORY STAR KIDS\"},\"image\":{\"@id\":\"https:\/\/www.memory-star-kids.com\/de\/#\/schema\/logo\/image\/\"},\"sameAs\":[\"https:\/\/www.facebook.com\/memorystarkidsru\/\",\"https:\/\/www.instagram.com\/memorystarkids\/\",\"https:\/\/www.youtube.com\/channel\/UCrLNWccwr78ERjLA2pbF8JQ\"]}]}<\/script>\n<!-- \/ Yoast SEO plugin. -->","yoast_head_json":{"title":"Mental-Arithmetik - Memory Star Kids","description":"Mental-Arithmetik-Schule f\u00fcr Kinder in Berlin Mitte, Berlin Lichterfelde-Ost und Potsdam lernen.","robots":{"index":"index","follow":"follow","max-snippet":"max-snippet:-1","max-image-preview":"max-image-preview:large","max-video-preview":"max-video-preview:-1"},"canonical":"https:\/\/www.memory-star-kids.com\/de\/kurse-vor-ort\/mental-arithmetik\/","og_locale":"de_DE","og_type":"article","og_title":"Mental-Arithmetik - Memory Star Kids","og_description":"Mental-Arithmetik-Schule f\u00fcr Kinder in Berlin Mitte, Berlin Lichterfelde-Ost und Potsdam lernen.","og_url":"https:\/\/www.memory-star-kids.com\/de\/kurse-vor-ort\/mental-arithmetik\/","og_site_name":"Memory Star Kids","article_publisher":"https:\/\/www.facebook.com\/memorystarkidsru\/","article_modified_time":"2026-03-24T17:45:22+00:00","twitter_card":"summary_large_image","twitter_misc":{"Gesch\u00e4tzte Lesezeit":"3\u00a0Minuten"},"schema":{"@context":"https:\/\/schema.org","@graph":[{"@type":"WebPage","@id":"https:\/\/www.memory-star-kids.com\/de\/kurse-vor-ort\/mental-arithmetik\/","url":"https:\/\/www.memory-star-kids.com\/de\/kurse-vor-ort\/mental-arithmetik\/","name":"Mental-Arithmetik - Memory Star Kids","isPartOf":{"@id":"https:\/\/www.memory-star-kids.com\/de\/#website"},"datePublished":"2020-07-02T08:12:45+00:00","dateModified":"2026-03-24T17:45:22+00:00","description":"Mental-Arithmetik-Schule f\u00fcr Kinder in Berlin Mitte, Berlin Lichterfelde-Ost und Potsdam lernen.","breadcrumb":{"@id":"https:\/\/www.memory-star-kids.com\/de\/kurse-vor-ort\/mental-arithmetik\/#breadcrumb"},"inLanguage":"de","potentialAction":[{"@type":"ReadAction","target":["https:\/\/www.memory-star-kids.com\/de\/kurse-vor-ort\/mental-arithmetik\/"]}]},{"@type":"BreadcrumbList","@id":"https:\/\/www.memory-star-kids.com\/de\/kurse-vor-ort\/mental-arithmetik\/#breadcrumb","itemListElement":[{"@type":"ListItem","position":1,"name":"Startseite","item":"https:\/\/www.memory-star-kids.com\/de\/"},{"@type":"ListItem","position":2,"name":"Kurse vor Ort &#8211; \u00dcbersicht","item":"https:\/\/www.memory-star-kids.com\/de\/kurse-vor-ort\/"},{"@type":"ListItem","position":3,"name":"Mental-Arithmetik"}]},{"@type":"WebSite","@id":"https:\/\/www.memory-star-kids.com\/de\/#website","url":"https:\/\/www.memory-star-kids.com\/de\/","name":"Memory Star Kids","description":"","publisher":{"@id":"https:\/\/www.memory-star-kids.com\/de\/#organization"},"potentialAction":[{"@type":"SearchAction","target":{"@type":"EntryPoint","urlTemplate":"https:\/\/www.memory-star-kids.com\/de\/?s={search_term_string}"},"query-input":{"@type":"PropertyValueSpecification","valueRequired":true,"valueName":"search_term_string"}}],"inLanguage":"de"},{"@type":"Organization","@id":"https:\/\/www.memory-star-kids.com\/de\/#organization","name":"MEMORY STAR KIDS","url":"https:\/\/www.memory-star-kids.com\/de\/","logo":{"@type":"ImageObject","inLanguage":"de","@id":"https:\/\/www.memory-star-kids.com\/de\/#\/schema\/logo\/image\/","url":"https:\/\/www.memory-star-kids.com\/wp-content\/uploads\/2020\/06\/msk_WEB-logo-24.png","contentUrl":"https:\/\/www.memory-star-kids.com\/wp-content\/uploads\/2020\/06\/msk_WEB-logo-24.png","width":300,"height":131,"caption":"MEMORY STAR KIDS"},"image":{"@id":"https:\/\/www.memory-star-kids.com\/de\/#\/schema\/logo\/image\/"},"sameAs":["https:\/\/www.facebook.com\/memorystarkidsru\/","https:\/\/www.instagram.com\/memorystarkids\/","https:\/\/www.youtube.com\/channel\/UCrLNWccwr78ERjLA2pbF8JQ"]}]}},"jetpack_sharing_enabled":true,"_links":{"self":[{"href":"https:\/\/www.memory-star-kids.com\/de\/wp-json\/wp\/v2\/pages\/1724","targetHints":{"allow":["GET"]}}],"collection":[{"href":"https:\/\/www.memory-star-kids.com\/de\/wp-json\/wp\/v2\/pages"}],"about":[{"href":"https:\/\/www.memory-star-kids.com\/de\/wp-json\/wp\/v2\/types\/page"}],"author":[{"embeddable":true,"href":"https:\/\/www.memory-star-kids.com\/de\/wp-json\/wp\/v2\/users\/1"}],"replies":[{"embeddable":true,"href":"https:\/\/www.memory-star-kids.com\/de\/wp-json\/wp\/v2\/comments?post=1724"}],"version-history":[{"count":50,"href":"https:\/\/www.memory-star-kids.com\/de\/wp-json\/wp\/v2\/pages\/1724\/revisions"}],"predecessor-version":[{"id":10755,"href":"https:\/\/www.memory-star-kids.com\/de\/wp-json\/wp\/v2\/pages\/1724\/revisions\/10755"}],"up":[{"embeddable":true,"href":"https:\/\/www.memory-star-kids.com\/de\/wp-json\/wp\/v2\/pages\/110"}],"wp:attachment":[{"href":"https:\/\/www.memory-star-kids.com\/de\/wp-json\/wp\/v2\/media?parent=1724"}],"curies":[{"name":"wp","href":"https:\/\/api.w.org\/{rel}","templated":true}]}}